{"id":5104,"date":"2023-09-04T05:03:09","date_gmt":"2023-09-04T05:03:09","guid":{"rendered":"https:\/\/arts.sun.ac.za\/?page_id=5104"},"modified":"2024-11-29T08:19:23","modified_gmt":"2024-11-29T08:19:23","slug":"poverty-inequality-and-development","status":"publish","type":"page","link":"https:\/\/arts.sun.ac.za\/af\/poverty-inequality-and-development","title":{"rendered":"Armoede, ongelykheid en ontwikkeling"},"content":{"rendered":"<p>[et_pb_section fb_built=&#8221;1&#8243; custom_padding_last_edited=&#8221;on|desktop&#8221; admin_label=&#8221;Header&#8221; _builder_version=&#8221;4.9.10&#8243; background_color=&#8221;rgba(77,83,86,0.59)&#8221; background_image=&#8221;https:\/\/arts.sun.ac.za\/files\/2024\/10\/POVERTY-INEQUALITY-300&#215;173.jpg&#8221; module_alignment=&#8221;center&#8221; min_height=&#8221;500px&#8221; custom_margin=&#8221;||||false|true&#8221; custom_margin_tablet=&#8221;&#8221; custom_margin_phone=&#8221;20px|20px||20px|false|true&#8221; custom_margin_last_edited=&#8221;on|desktop&#8221; custom_padding=&#8221;58px||0px||false|false&#8221; custom_padding_tablet=&#8221;40px||||false|false&#8221; custom_padding_phone=&#8221;&#8221; bottom_divider_color=&#8221;#FFFFFF&#8221; bottom_divider_height=&#8221;120px&#8221; bottom_divider_flip=&#8221;horizontal&#8221; border_radii_phone=&#8221;on|20px|20px|20px|20px&#8221; border_radii_last_edited=&#8221;off|desktop&#8221; collapsed=&#8221;on&#8221;][et_pb_row column_structure=&#8221;1_2,1_2&#8243; custom_padding_last_edited=&#8221;on|desktop&#8221; _builder_version=&#8221;4.9.10&#8243; background_enable_color=&#8221;off&#8221; background_enable_image=&#8221;off&#8221; parallax=&#8221;on&#8221; transform_scale_tablet=&#8221;&#8221; transform_scale_phone=&#8221;&#8221; transform_scale_last_edited=&#8221;on|desktop&#8221; transform_translate=&#8221;30px|0px&#8221; transform_translate_tablet=&#8221;0px|0px&#8221; transform_translate_phone=&#8221;&#8221; transform_translate_last_edited=&#8221;on|tablet&#8221; transform_translate_linked=&#8221;off&#8221; transform_rotate_tablet=&#8221;&#8221; transform_rotate_phone=&#8221;&#8221; transform_rotate_last_edited=&#8221;on|desktop&#8221; transform_skew_tablet=&#8221;&#8221; transform_skew_phone=&#8221;&#8221; transform_skew_last_edited=&#8221;on|desktop&#8221; transform_origin_tablet=&#8221;&#8221; transform_origin_phone=&#8221;&#8221; transform_origin_last_edited=&#8221;on|desktop&#8221; transform_styles_last_edited=&#8221;on|tablet&#8221; width_tablet=&#8221;90%&#8221; width_phone=&#8221;&#8221; width_last_edited=&#8221;on|desktop&#8221; custom_margin=&#8221;||||false|false&#8221; custom_padding=&#8221;||||true|true&#8221; custom_padding_tablet=&#8221;60px||60px||true|true&#8221; custom_padding_phone=&#8221;40px|20px|40px|20px|true|true&#8221; transform_styles_tablet=&#8221;&#8221; transform_styles_phone=&#8221;&#8221; border_radii_phone=&#8221;off|8px|8px||&#8221; border_radii_last_edited=&#8221;off|desktop&#8221;][et_pb_column type=&#8221;1_2&#8243; _builder_version=&#8221;4.9.10&#8243; use_background_color_gradient=&#8221;on&#8221; background_color_gradient_start=&#8221;rgba(12,11,11,0.6)&#8221; background_color_gradient_end=&#8221;rgba(12,11,11,0.6)&#8221; background_color_gradient_overlays_image=&#8221;on&#8221; custom_padding=&#8221;40px|40px|40px|40px|true|true&#8221; border_radii=&#8221;off|||60px|20px&#8221;][et_pb_text _builder_version=&#8221;4.9.10&#8243; text_font=&#8221;|600|||||||&#8221; text_text_color=&#8221;#FFFFFF&#8221; text_font_size=&#8221;17px&#8221; text_line_height=&#8221;1.8em&#8221; header_font=&#8221;|700|||||||&#8221; header_font_size=&#8221;48px&#8221; header_line_height=&#8221;1.2em&#8221; header_3_text_color=&#8221;#FFFFFF&#8221; max_width_last_edited=&#8221;off|desktop&#8221; text_font_size_tablet=&#8221;&#8221; text_font_size_phone=&#8221;15px&#8221; text_font_size_last_edited=&#8221;on|desktop&#8221; header_font_size_tablet=&#8221;40px&#8221; header_font_size_phone=&#8221;30px&#8221; header_font_size_last_edited=&#8221;on|desktop&#8221;]<\/p>\n<h1>Armoede, Ongelykheid en Ontwikkeling<\/h1>\n<p>[\/et_pb_text][\/et_pb_column][et_pb_column type=&#8221;1_2&#8243; _builder_version=&#8221;3.26&#8243;][\/et_pb_column][\/et_pb_row][\/et_pb_section][et_pb_section fb_built=&#8221;1&#8243; _builder_version=&#8221;4.9.10&#8243; _module_preset=&#8221;default&#8221; custom_padding=&#8221;47px||17px|||&#8221; collapsed=&#8221;on&#8221;][et_pb_row column_structure=&#8221;3_5,2_5&#8243; _builder_version=&#8221;4.9.10&#8243; _module_preset=&#8221;default&#8221;][et_pb_column type=&#8221;3_5&#8243; _builder_version=&#8221;4.9.10&#8243; _module_preset=&#8221;default&#8221;][et_pb_text _builder_version=&#8221;4.9.10&#8243; _module_preset=&#8221;default&#8221; header_text_color=&#8221;#60223B&#8221; header_3_text_color=&#8221;#60223B&#8221; custom_margin=&#8221;||28px|||&#8221;]<\/p>\n<h3>Armoede, ongelykheid en ontwikkeling<\/h3>\n<p>[\/et_pb_text][et_pb_text _builder_version=&#8221;4.9.10&#8243; _module_preset=&#8221;default&#8221; text_font_size=&#8221;16px&#8221; text_line_height=&#8221;1.8em&#8221;]<\/p>\n<p>Hierdie navorsingsgebied is daarop gemik om die komplekse verband tussen armoede, ongelykheid en ontwikkeling te ondersoek. Armoede is \u0149 kwessie met vele fasette, wat miljoene mense regoor die w\u00eareld be\u00efnvloed, en dikwels lei tot te min toegang tot noodsaaklikhede, soos voedsel, water, skuiling, gesondheidsorg en werksgeleenthede. Daarenteen verwys ongelykheid na die ongelyke distribusie van hulpbronne, geleenthede en rykdom oor verskillende segmente van die samelewing heen. Hierdie twee kwessies is verstrengel en kan mekaar vererger, wat tot verdere ekonomiese en maatskaplike ongelykhede lei. Ontwikkeling, in hierdie konteks, verwys na die proses van die skep van volhoubare ekonomiese groei en maatskaplike vooruitgang wat alle lede van die samelewing baat. Soos weerspie\u00ebl in die onderskeie navorsingsfokusgebiede in die FLSW, behels navorsing op hierdie gebied die ondersoek van \u0149 groot verskeidenheid faktore wat tot armoede en ongelykheid bydra, waaronder maatskaplike, politieke en ekonomiese strukture, migrasie en werksgeleenthede. Die onderskeie departemente in die Tale, Sosiale Wetenskappe en Kunste fokus op onderwerpe wat met hierdie kwessies verband hou, binne hulle onderskeie dissiplin\u00eare domeine<\/p>\n<p>&nbsp;<\/p>\n<p>[\/et_pb_text][\/et_pb_column][et_pb_column type=&#8221;2_5&#8243; _builder_version=&#8221;4.9.10&#8243; _module_preset=&#8221;default&#8221;][et_pb_text _builder_version=&#8221;4.9.10&#8243; _module_preset=&#8221;default&#8221; text_font=&#8221;|600|||||||&#8221; text_text_color=&#8221;#A60A3D&#8221; text_line_height=&#8221;1.1em&#8221; link_text_color=&#8221;#60223B&#8221; header_3_font=&#8221;|600|||||||&#8221; header_3_text_color=&#8221;#60223B&#8221; header_3_line_height=&#8221;1.9em&#8221; custom_margin=&#8221;|||20px|false|false&#8221; custom_padding=&#8221;|||30px|false|false&#8221; border_width_left=&#8221;1px&#8221; border_color_left=&#8221;#B79962&#8243; global_module=&#8221;5197&#8243; saved_tabs=&#8221;all&#8221;]<\/p>\n<h3>Navorsingsklusters<\/h3>\n<div class=\"translation-block\">\n<p><i class=\"fas fa-chevron-circle-right\"><\/i><a title=\"Poverty, Inequality and Development\" href=\"https:\/\/arts.sun.ac.za\/poverty-inequality-and-development\">Poverty, Inequality, and Development<\/a><\/p>\n<p><i class=\"fas fa-chevron-circle-right\"><\/i><a href=\"https:\/\/arts.sun.ac.za\/gender-sexuality-and-feminist-studies\">Gender, Sexuality, and Feminist studies<\/a><\/p>\n<p><i class=\"fas fa-chevron-circle-right\"><\/i><a href=\"https:\/\/arts.sun.ac.za\/race-culture-and-identity\">Race, Culture, and Identity<\/a><\/p>\n<p><i class=\"fas fa-chevron-circle-right\"><\/i><a href=\"https:\/\/arts.sun.ac.za\/language-and-discourse-analysis\">Language and Society<\/a><\/p>\n<p><i class=\"fas fa-chevron-circle-right\"><\/i><a href=\"https:\/\/arts.sun.ac.za\/health-welfare-and-human-security\">Health, Welfare, and Human Security<\/a><\/p>\n<p><i class=\"fas fa-chevron-circle-right\"><\/i><a href=\"https:\/\/arts.sun.ac.za\/politics-governance-and-citizenship\">Politics, Governance, and Citizenship<\/a><\/p>\n<p><i class=\"fas fa-chevron-circle-right\"><\/i><a href=\"https:\/\/arts.sun.ac.za\/ethics-social-justice-and-human-rights\">Ethics, Social Justice, and Human Rights<\/a><\/p>\n<p><i class=\"fas fa-chevron-circle-right\"><\/i><a href=\"https:\/\/arts.sun.ac.za\/land-environment-and-sustainable-development\">Land, Environment, and Sustainable Development<\/a><\/p>\n<p><i class=\"fas fa-chevron-circle-right\"><\/i><a href=\"https:\/\/arts.sun.ac.za\/conflict-violence-and-reconciliation\">Conflict, Violence, and Reconciliation<\/a><\/p>\n<p><i class=\"fas fa-chevron-circle-right\"><\/i><a href=\"https:\/\/arts.sun.ac.za\/science-technology-and-communication\">Science, Technology, and Communication<\/a><\/p>\n<p><i class=\"fas fa-chevron-circle-right\"><\/i><a href=\"https:\/\/arts.sun.ac.za\/performance-and-visual-arts\">Performance and Visual Arts<\/a><\/p>\n<\/div>\n<p>[\/et_pb_text][\/et_pb_column][\/et_pb_row][\/et_pb_section][et_pb_section fb_built=&#8221;1&#8243; _builder_version=&#8221;4.9.10&#8243; _module_preset=&#8221;default&#8221; custom_padding=&#8221;15px|||||&#8221;][et_pb_row _builder_version=&#8221;4.9.10&#8243; _module_preset=&#8221;default&#8221;][et_pb_column type=&#8221;4_4&#8243; _builder_version=&#8221;4.9.10&#8243; _module_preset=&#8221;default&#8221;][et_pb_text module_class=&#8221;ResearchTable&#8221; _builder_version=&#8221;4.9.10&#8243; _module_preset=&#8221;default&#8221;]<\/p>\n<p>&nbsp;<\/p>\n<table>\n<tbody>\n<tr>\n<td width=\"200\">\n<p><strong>Departement<\/strong><\/p>\n<\/td>\n<td width=\"200\">\n<p><strong>Navorser<\/strong><\/p>\n<\/td>\n<td width=\"200\">\n<p><strong>Fokusgebiede<\/strong><\/p>\n<\/td>\n<\/tr>\n<tr>\n<td width=\"200\">\n<p>&nbsp;<\/p>\n<\/td>\n<td width=\"200\">\n<p>&nbsp;<\/p>\n<\/td>\n<td width=\"200\">\n<p>&nbsp;<\/p>\n<\/td>\n<\/tr>\n<tr>\n<td width=\"200\">\n<p><a href=\"http:\/\/www0.sun.ac.za\/english\/\">Engels<\/a><\/p>\n<p>&nbsp;<\/p>\n<\/td>\n<td width=\"200\">\n<p><a href=\"mailto:meganj@sun.ac.za\">Dr Megan Jones<\/a><\/p>\n<\/td>\n<td width=\"200\">\n<p>Plek, ruimte en ontwikkeling; Citiness, en stedelike studies in die algemeen, sowel as die produksie van ruimte-tyd.<\/p>\n<p>&nbsp;<\/p>\n<\/td>\n<\/tr>\n<tr>\n<td width=\"200\">\n<p>&nbsp;<\/p>\n<\/td>\n<td width=\"200\">\n<p><a href=\"mailto:gevisser@sun.ac.za\">Prof Gustav Visser<\/a><\/p>\n<\/td>\n<td width=\"200\">\n<p>Navorsing oorweeg en toerisme en ontwikkeling nexus, en toerismestudies in die algemeen.<\/p>\n<\/td>\n<\/tr>\n<tr>\n<td width=\"200\">\n<p><a href=\"http:\/\/www.informatics.sun.ac.za\/index.php?taal=afrikaans\">Inligtingwetenskap<\/a>;\u00a0<a href=\"https:\/\/www.sun.ac.za\/infoscience\">Sentrum vir Kennisdinamika en Besluitneming<\/a><\/p>\n<p>&nbsp;<\/p>\n<\/td>\n<td width=\"200\">\n<p><a href=\"mailto:ejbottomley@sun.ac.za\">Dr Edward-John Bottomley<\/a><\/p>\n<\/td>\n<td width=\"200\">\n<p>Arm blankes en vroe\u00eb twintigste-eeuse Suid-Afrika, ras, filantropie en transnasionale regeringlikheid tussen die Verenigde State en Suid-Afrika.<\/p>\n<\/td>\n<\/tr>\n<tr>\n<td rowspan=\"2\" width=\"200\">\n<p>&nbsp;<\/p>\n<\/td>\n<td width=\"200\">\n<p><a href=\"mailto:glamb@sun.ac.za\">Dr Guy Lamb<\/a><\/p>\n<\/td>\n<td width=\"200\">\n<p>Vrae en kwessies rakende ongelykheid en armoede, met 'n spesifieke fokus op geweld, vrede en konflik.<\/p>\n<\/td>\n<\/tr>\n<tr>\n<td width=\"200\">\n<p><a href=\"mailto:ppfourie@sun.ac.za\">Prof Pieter Fourie<\/a><\/p>\n<\/td>\n<td width=\"200\">\n<p>Globale gesondheidsbestuur en die politieke epidemiologie van ontwikkeling en ongelykheid.<\/p>\n<p>&nbsp;<\/p>\n<\/td>\n<\/tr>\n<tr>\n<td rowspan=\"3\" width=\"200\">\n<p><a href=\"https:\/\/www0.sun.ac.za\/psychology\/\">Sielkunde<\/a><\/p>\n<\/td>\n<td width=\"200\">\n<p><a href=\"mailto:lkrug@sun.ac.za\">Prof Lou-Marie Kruger<\/a><\/p>\n<\/td>\n<td width=\"200\">\n<p>Armoede en geestesgesondheid, spesifiek die koppelvlak tussen arm wees en 'n vrou wees.<\/p>\n<\/td>\n<\/tr>\n<tr>\n<td width=\"200\">\n<p><a href=\"mailto:alesch@sun.ac.za\">Dr Anthea Lesch<\/a><\/p>\n<p>&nbsp;<\/p>\n<\/td>\n<td width=\"200\">\n<p>Sosiale en strukturele ongelykhede en die impak daarvan op die gesondheid en welstand van kwesbare en gemarginaliseerde groepe.<\/p>\n<\/td>\n<\/tr>\n<tr>\n<td width=\"200\">\n<p><a href=\"mailto:kratele@sun.ac.za\">Prof Kopano Ratele<\/a><\/p>\n<\/td>\n<td width=\"200\">\n<p>Die verband tussen manlikheid\/vaderskap en ongelykheid, armoede en werkloosheid<\/p>\n<\/td>\n<\/tr>\n<tr>\n<td width=\"200\">\n<p><a href=\"http:\/\/www.riskreductionafrica.org\/partners-and-programmes\/stellenbosch-university-stellenbosch-south-africa\/\">RADAR<\/a><\/p>\n<\/td>\n<td width=\"200\">\n<p><a href=\"mailto:Robynpharoah@sun.ac.za\">Dr Robyn Pharoah<\/a><\/p>\n<\/td>\n<td width=\"200\">\n<p>Lae-inkomste gemeenskappe en woon in informele nedersettings en die behoefte aan ontwikkelingsbeplanning<\/p>\n<\/td>\n<\/tr>\n<tr>\n<td width=\"200\">\n<p><a href=\"http:\/\/www.sun.ac.za\/english\/faculty\/arts\/historical-trauma-transformation\/overview\">SARChi Gewelddadige geskiedenis en transgenerasietrauma<\/a><\/p>\n<\/td>\n<td width=\"200\">\n<p><a href=\"mailto:lke@sun.ac.za\">Prof Lambert Engelbrecht<\/a><\/p>\n<p>&nbsp;<\/p>\n<\/td>\n<td width=\"200\">\n<p>Maatskaplike werk en finansi\u00eble vermo\u00ebnsontwikkeling van kwesbare huishoudings.<\/p>\n<\/td>\n<\/tr>\n<tr>\n<td width=\"200\">\n<p><a href=\"http:\/\/www.sun.ac.za\/english\/faculty\/arts\/social-work\">Maatskaplike Werk<\/a><\/p>\n<p>&nbsp;<\/p>\n<\/td>\n<td width=\"200\">\n<p><a href=\"mailto:mstrydom@sun.ac.za\">Prof Marianne Strydom<\/a><\/p>\n<\/td>\n<td width=\"200\">\n<p>Strukturele ongelykhede binne die samelewing en die impak op kinders en gesinne, kinder- en gesinswelsynsdienste.<\/p>\n<\/td>\n<\/tr>\n<tr>\n<td rowspan=\"3\" width=\"200\">\n<p><a href=\"http:\/\/www0.sun.ac.za\/sociology\/\">Sosiologie en Sosiale Antropologie<\/a><\/p>\n<p>&nbsp;<\/p>\n<\/td>\n<td width=\"200\">\n<p><a href=\"mailto:dubbeld@sun.ac.za\">Assoc Prof Bernard Dubbeld<\/a><\/p>\n<\/td>\n<td width=\"200\">\n<p>Sosiale teorie, kapitaal en arbeid.<\/p>\n<\/td>\n<\/tr>\n<tr>\n<td width=\"200\">\n<p><a href=\"mailto:kfakier@sun.ac.za\">Prof Khayaat Fakier<\/a><\/p>\n<p>&nbsp;<\/p>\n<\/td>\n<td width=\"200\">\n<p>Vroue en klas en die verband tussen produktiewe en voortplantingswerk en migrasie.<\/p>\n<\/td>\n<\/tr>\n<tr>\n<td width=\"200\">\n<p><a href=\"mailto:iem@sun.ac.za\">Dr Ilse Eigelaar-Meets<\/a><\/p>\n<p>&nbsp;<\/p>\n<\/td>\n<td width=\"200\">\n<p>Die verband tussen migrasie, menslike en landelike ontwikkeling en dienslewering.<\/p>\n<\/td>\n<\/tr>\n<tr>\n<td width=\"200\">\n<p>&nbsp;<\/p>\n<\/td>\n<td width=\"200\">\n<p><a href=\"mailto:xaba@sun.ac.za\">Dr Jantjie Xaba<\/a><\/p>\n<\/td>\n<td width=\"200\">\n<p>Bedryfssosiologie, werkorganisasie, herstrukturering, globalisering, bemagtigingswetgewing, informele ekonomie en misdaad.<\/p>\n<\/td>\n<\/tr>\n<\/tbody>\n<\/table>\n<p>[\/et_pb_text][\/et_pb_column][\/et_pb_row][\/et_pb_section]<\/p>","protected":false},"excerpt":{"rendered":"<p>Poverty, Inequality and DevelopmentPoverty, Inequality and EmploymentThis research area aims to investigate the complex relationships between poverty, inequality and development. Poverty is a multifaceted issue that affects millions of people around the world, often leading to a lack of access to necessities such as food, water, shelter, healthcare, and employment opportunities. Inequality, on the other [&hellip;]<\/p>","protected":false},"author":11016,"featured_media":10057,"parent":0,"menu_order":0,"comment_status":"closed","ping_status":"closed","template":"","meta":{"_et_pb_use_builder":"on","_et_pb_old_content":"","_et_gb_content_width":"","_exactmetrics_skip_tracking":false,"_exactmetrics_sitenote_active":false,"_exactmetrics_sitenote_note":"","_exactmetrics_sitenote_category":0,"footnotes":""},"class_list":["post-5104","page","type-page","status-publish","has-post-thumbnail","hentry"],"aioseo_notices":[],"_links":{"self":[{"href":"https:\/\/arts.sun.ac.za\/af\/wp-json\/wp\/v2\/pages\/5104","targetHints":{"allow":["GET"]}}],"collection":[{"href":"https:\/\/arts.sun.ac.za\/af\/wp-json\/wp\/v2\/pages"}],"about":[{"href":"https:\/\/arts.sun.ac.za\/af\/wp-json\/wp\/v2\/types\/page"}],"author":[{"embeddable":true,"href":"https:\/\/arts.sun.ac.za\/af\/wp-json\/wp\/v2\/users\/11016"}],"replies":[{"embeddable":true,"href":"https:\/\/arts.sun.ac.za\/af\/wp-json\/wp\/v2\/comments?post=5104"}],"version-history":[{"count":41,"href":"https:\/\/arts.sun.ac.za\/af\/wp-json\/wp\/v2\/pages\/5104\/revisions"}],"predecessor-version":[{"id":10493,"href":"https:\/\/arts.sun.ac.za\/af\/wp-json\/wp\/v2\/pages\/5104\/revisions\/10493"}],"wp:featuredmedia":[{"embeddable":true,"href":"https:\/\/arts.sun.ac.za\/af\/wp-json\/wp\/v2\/media\/10057"}],"wp:attachment":[{"href":"https:\/\/arts.sun.ac.za\/af\/wp-json\/wp\/v2\/media?parent=5104"}],"curies":[{"name":"wp","href":"https:\/\/api.w.org\/{rel}","templated":true}]}}